{"id":1361,"date":"2023-06-02T23:58:02","date_gmt":"2023-06-02T23:58:02","guid":{"rendered":"http:\/\/ifijum.edu.mx\/?page_id=1361"},"modified":"2024-08-22T15:33:08","modified_gmt":"2024-08-22T15:33:08","slug":"licenciaturas","status":"publish","type":"page","link":"https:\/\/www.ifijum.edu.mx\/wp\/?page_id=1361","title":{"rendered":"Licenciaturas"},"content":{"rendered":"\t\t<div data-elementor-type=\"wp-page\" data-elementor-id=\"1361\" class=\"elementor elementor-1361\">\n\t\t\t\t\t\t\t\t\t<section class=\"elementor-section elementor-top-section elementor-element elementor-element-c722ff4 elementor-section-boxed elementor-section-height-default elementor-section-height-default\" data-id=\"c722ff4\" data-element_type=\"section\">\n\t\t\t\t\t\t<div class=\"elementor-container elementor-column-gap-default\">\n\t\t\t\t\t<div class=\"elementor-column elementor-col-100 elementor-top-column elementor-element elementor-element-a1b9d0d\" data-id=\"a1b9d0d\" data-element_type=\"column\">\n\t\t\t<div class=\"elementor-widget-wrap elementor-element-populated\">\n\t\t\t\t\t\t\t\t<div class=\"elementor-element elementor-element-2ce8f88 elementor-widget elementor-widget-heading\" data-id=\"2ce8f88\" data-element_type=\"widget\" data-widget_type=\"heading.default\">\n\t\t\t\t<div class=\"elementor-widget-container\">\n\t\t\t<style>\/*! elementor - v3.13.1 - 09-05-2023 *\/\n.elementor-heading-title{padding:0;margin:0;line-height:1}.elementor-widget-heading .elementor-heading-title[class*=elementor-size-]>a{color:inherit;font-size:inherit;line-height:inherit}.elementor-widget-heading .elementor-heading-title.elementor-size-small{font-size:15px}.elementor-widget-heading .elementor-heading-title.elementor-size-medium{font-size:19px}.elementor-widget-heading .elementor-heading-title.elementor-size-large{font-size:29px}.elementor-widget-heading .elementor-heading-title.elementor-size-xl{font-size:39px}.elementor-widget-heading .elementor-heading-title.elementor-size-xxl{font-size:59px}<\/style><h2 class=\"elementor-heading-title elementor-size-xl\">Licenciatura en Derecho Corporativo y Negocios Internacionales<\/h2>\t\t<\/div>\n\t\t\t\t<\/div>\n\t\t\t\t<div class=\"elementor-element elementor-element-d0d5ae9 elementor-widget elementor-widget-text-editor\" data-id=\"d0d5ae9\" data-element_type=\"widget\" data-widget_type=\"text-editor.default\">\n\t\t\t\t<div class=\"elementor-widget-container\">\n\t\t\t<style>\/*! elementor - v3.13.1 - 09-05-2023 *\/\n.elementor-widget-text-editor.elementor-drop-cap-view-stacked .elementor-drop-cap{background-color:#69727d;color:#fff}.elementor-widget-text-editor.elementor-drop-cap-view-framed .elementor-drop-cap{color:#69727d;border:3px solid;background-color:transparent}.elementor-widget-text-editor:not(.elementor-drop-cap-view-default) .elementor-drop-cap{margin-top:8px}.elementor-widget-text-editor:not(.elementor-drop-cap-view-default) .elementor-drop-cap-letter{width:1em;height:1em}.elementor-widget-text-editor .elementor-drop-cap{float:left;text-align:center;line-height:1;font-size:50px}.elementor-widget-text-editor .elementor-drop-cap-letter{display:inline-block}<\/style>\t\t\t\t<p>RVOE \u2013\u00a0 \u00a0LIC161276\u00a0 \u00a0 \u00a0 CCT: 16PSU0170H<\/p>\t\t\t\t\t\t<\/div>\n\t\t\t\t<\/div>\n\t\t\t\t\t<\/div>\n\t\t<\/div>\n\t\t\t\t\t\t\t<\/div>\n\t\t<\/section>\n\t\t\t\t<section class=\"elementor-section elementor-top-section elementor-element elementor-element-0f4f5db elementor-section-boxed elementor-section-height-default elementor-section-height-default\" data-id=\"0f4f5db\" data-element_type=\"section\">\n\t\t\t\t\t\t<div class=\"elementor-container elementor-column-gap-default\">\n\t\t\t\t\t<div class=\"elementor-column elementor-col-50 elementor-top-column elementor-element elementor-element-e669ac7\" data-id=\"e669ac7\" data-element_type=\"column\">\n\t\t\t<div class=\"elementor-widget-wrap elementor-element-populated\">\n\t\t\t\t\t\t\t\t<div class=\"elementor-element elementor-element-129817f elementor-widget elementor-widget-image\" data-id=\"129817f\" data-element_type=\"widget\" data-widget_type=\"image.default\">\n\t\t\t\t<div class=\"elementor-widget-container\">\n\t\t\t<style>\/*! elementor - v3.13.1 - 09-05-2023 *\/\n.elementor-widget-image{text-align:center}.elementor-widget-image a{display:inline-block}.elementor-widget-image a img[src$=\".svg\"]{width:48px}.elementor-widget-image img{vertical-align:middle;display:inline-block}<\/style>\t\t\t\t\t\t\t\t\t\t\t\t<img loading=\"lazy\" decoding=\"async\" width=\"1024\" height=\"1024\" src=\"https:\/\/www.ifijum.edu.mx\/wp\/wp-content\/uploads\/2023\/06\/28-2-1024x1024.png\" class=\"attachment-large size-large wp-image-1405\" alt=\"\" srcset=\"https:\/\/www.ifijum.edu.mx\/wp\/wp-content\/uploads\/2023\/06\/28-2-1024x1024.png 1024w, https:\/\/www.ifijum.edu.mx\/wp\/wp-content\/uploads\/2023\/06\/28-2-300x300.png 300w, https:\/\/www.ifijum.edu.mx\/wp\/wp-content\/uploads\/2023\/06\/28-2-150x150.png 150w, https:\/\/www.ifijum.edu.mx\/wp\/wp-content\/uploads\/2023\/06\/28-2-768x768.png 768w, https:\/\/www.ifijum.edu.mx\/wp\/wp-content\/uploads\/2023\/06\/28-2.png 1080w\" sizes=\"auto, (max-width: 1024px) 100vw, 1024px\" \/>\t\t\t\t\t\t\t\t\t\t\t\t\t\t\t<\/div>\n\t\t\t\t<\/div>\n\t\t\t\t\t<\/div>\n\t\t<\/div>\n\t\t\t\t<div class=\"elementor-column elementor-col-50 elementor-top-column elementor-element elementor-element-477f177\" data-id=\"477f177\" data-element_type=\"column\">\n\t\t\t<div class=\"elementor-widget-wrap elementor-element-populated\">\n\t\t\t\t\t\t\t\t<div class=\"elementor-element elementor-element-f658ba5 elementor-tabs-view-horizontal elementor-widget elementor-widget-tabs\" data-id=\"f658ba5\" data-element_type=\"widget\" data-widget_type=\"tabs.default\">\n\t\t\t\t<div class=\"elementor-widget-container\">\n\t\t\t<style>\/*! elementor - v3.13.1 - 09-05-2023 *\/\n.elementor-widget-tabs.elementor-tabs-view-vertical .elementor-tabs-wrapper{width:25%;flex-shrink:0}.elementor-widget-tabs.elementor-tabs-view-vertical .elementor-tab-desktop-title.elementor-active{border-right-style:none}.elementor-widget-tabs.elementor-tabs-view-vertical .elementor-tab-desktop-title.elementor-active:after,.elementor-widget-tabs.elementor-tabs-view-vertical .elementor-tab-desktop-title.elementor-active:before{height:999em;width:0;right:0;border-right-style:solid}.elementor-widget-tabs.elementor-tabs-view-vertical .elementor-tab-desktop-title.elementor-active:before{top:0;transform:translateY(-100%)}.elementor-widget-tabs.elementor-tabs-view-vertical .elementor-tab-desktop-title.elementor-active:after{top:100%}.elementor-widget-tabs.elementor-tabs-view-horizontal .elementor-tab-desktop-title{display:table-cell}.elementor-widget-tabs.elementor-tabs-view-horizontal .elementor-tab-desktop-title.elementor-active{border-bottom-style:none}.elementor-widget-tabs.elementor-tabs-view-horizontal .elementor-tab-desktop-title.elementor-active:after,.elementor-widget-tabs.elementor-tabs-view-horizontal .elementor-tab-desktop-title.elementor-active:before{bottom:0;height:0;width:999em;border-bottom-style:solid}.elementor-widget-tabs.elementor-tabs-view-horizontal .elementor-tab-desktop-title.elementor-active:before{right:100%}.elementor-widget-tabs.elementor-tabs-view-horizontal .elementor-tab-desktop-title.elementor-active:after{left:100%}.elementor-widget-tabs .elementor-tab-content,.elementor-widget-tabs .elementor-tab-title,.elementor-widget-tabs .elementor-tab-title:after,.elementor-widget-tabs .elementor-tab-title:before,.elementor-widget-tabs .elementor-tabs-content-wrapper{border:1px #d5d8dc}.elementor-widget-tabs .elementor-tabs{text-align:left}.elementor-widget-tabs .elementor-tabs-wrapper{overflow:hidden}.elementor-widget-tabs .elementor-tab-title{cursor:pointer;outline:var(--focus-outline,none)}.elementor-widget-tabs .elementor-tab-desktop-title{position:relative;padding:20px 25px;font-weight:700;line-height:1;border:solid transparent}.elementor-widget-tabs .elementor-tab-desktop-title.elementor-active{border-color:#d5d8dc}.elementor-widget-tabs .elementor-tab-desktop-title.elementor-active:after,.elementor-widget-tabs .elementor-tab-desktop-title.elementor-active:before{display:block;content:\"\";position:absolute}.elementor-widget-tabs .elementor-tab-desktop-title:focus-visible{border:1px solid #000}.elementor-widget-tabs .elementor-tab-mobile-title{padding:10px;cursor:pointer}.elementor-widget-tabs .elementor-tab-content{padding:20px;display:none}@media (max-width:767px){.elementor-tabs .elementor-tab-content,.elementor-tabs .elementor-tab-title{border-style:solid solid none}.elementor-tabs .elementor-tabs-wrapper{display:none}.elementor-tabs .elementor-tabs-content-wrapper{border-bottom-style:solid}.elementor-tabs .elementor-tab-content{padding:10px}}@media (min-width:768px){.elementor-widget-tabs.elementor-tabs-view-vertical .elementor-tabs{display:flex}.elementor-widget-tabs.elementor-tabs-view-vertical .elementor-tabs-wrapper{flex-direction:column}.elementor-widget-tabs.elementor-tabs-view-vertical .elementor-tabs-content-wrapper{flex-grow:1;border-style:solid solid solid none}.elementor-widget-tabs.elementor-tabs-view-horizontal .elementor-tab-content{border-style:none solid solid}.elementor-widget-tabs.elementor-tabs-alignment-center .elementor-tabs-wrapper,.elementor-widget-tabs.elementor-tabs-alignment-end .elementor-tabs-wrapper,.elementor-widget-tabs.elementor-tabs-alignment-stretch .elementor-tabs-wrapper{display:flex}.elementor-widget-tabs.elementor-tabs-alignment-center .elementor-tabs-wrapper{justify-content:center}.elementor-widget-tabs.elementor-tabs-alignment-end .elementor-tabs-wrapper{justify-content:flex-end}.elementor-widget-tabs.elementor-tabs-alignment-stretch.elementor-tabs-view-horizontal .elementor-tab-title{width:100%}.elementor-widget-tabs.elementor-tabs-alignment-stretch.elementor-tabs-view-vertical .elementor-tab-title{height:100%}.elementor-tabs .elementor-tab-mobile-title{display:none}}<\/style>\t\t<div class=\"elementor-tabs\">\n\t\t\t<div class=\"elementor-tabs-wrapper\" role=\"tablist\" >\n\t\t\t\t\t\t\t\t\t<div id=\"elementor-tab-title-2581\" class=\"elementor-tab-title elementor-tab-desktop-title\" aria-selected=\"true\" data-tab=\"1\" role=\"tab\" tabindex=\"0\" aria-controls=\"elementor-tab-content-2581\" aria-expanded=\"false\">Objetivo<\/div>\n\t\t\t\t\t\t\t\t\t<div id=\"elementor-tab-title-2582\" class=\"elementor-tab-title elementor-tab-desktop-title\" aria-selected=\"false\" data-tab=\"2\" role=\"tab\" tabindex=\"-1\" aria-controls=\"elementor-tab-content-2582\" aria-expanded=\"false\">Perfil de Ingreso<\/div>\n\t\t\t\t\t\t\t\t\t<div id=\"elementor-tab-title-2583\" class=\"elementor-tab-title elementor-tab-desktop-title\" aria-selected=\"false\" data-tab=\"3\" role=\"tab\" tabindex=\"-1\" aria-controls=\"elementor-tab-content-2583\" aria-expanded=\"false\">Perfil de Egreso<\/div>\n\t\t\t\t\t\t\t\t\t<div id=\"elementor-tab-title-2584\" class=\"elementor-tab-title elementor-tab-desktop-title\" aria-selected=\"false\" data-tab=\"4\" role=\"tab\" tabindex=\"-1\" aria-controls=\"elementor-tab-content-2584\" aria-expanded=\"false\">Requisitos de Admisi\u00f3n<\/div>\n\t\t\t\t\t\t\t\t\t<div id=\"elementor-tab-title-2585\" class=\"elementor-tab-title elementor-tab-desktop-title\" aria-selected=\"false\" data-tab=\"5\" role=\"tab\" tabindex=\"-1\" aria-controls=\"elementor-tab-content-2585\" aria-expanded=\"false\">Programa<\/div>\n\t\t\t\t\t\t\t<\/div>\n\t\t\t<div class=\"elementor-tabs-content-wrapper\" role=\"tablist\" aria-orientation=\"vertical\">\n\t\t\t\t\t\t\t\t\t<div class=\"elementor-tab-title elementor-tab-mobile-title\" aria-selected=\"true\" data-tab=\"1\" role=\"tab\" tabindex=\"0\" aria-controls=\"elementor-tab-content-2581\" aria-expanded=\"false\">Objetivo<\/div>\n\t\t\t\t\t<div id=\"elementor-tab-content-2581\" class=\"elementor-tab-content elementor-clearfix\" data-tab=\"1\" role=\"tabpanel\" aria-labelledby=\"elementor-tab-title-2581\" tabindex=\"0\" hidden=\"false\"><p><span style=\"color: #6b6b6b; font-family: Poppins, sans-serif; text-align: justify;\">Formar profesionales con los conocimientos, habilidades y competencias que les permitan dise\u00f1ar, establecer y mejorar esquemas de comunicacio\u0301n, interaccio\u0301n y negociacio\u0301n efectiva en entornos multiculturales; capacitado para formular y evaluar proyectos de inversio\u0301n que optimicen las transacciones comerciales de manera competitiva y eficiente, bajo el marco de una visio\u0301n emprendedora, sustentable, e\u0301tica y socialmente responsable.<\/span><\/p><\/div>\n\t\t\t\t\t\t\t\t\t<div class=\"elementor-tab-title elementor-tab-mobile-title\" aria-selected=\"false\" data-tab=\"2\" role=\"tab\" tabindex=\"-1\" aria-controls=\"elementor-tab-content-2582\" aria-expanded=\"false\">Perfil de Ingreso<\/div>\n\t\t\t\t\t<div id=\"elementor-tab-content-2582\" class=\"elementor-tab-content elementor-clearfix\" data-tab=\"2\" role=\"tabpanel\" aria-labelledby=\"elementor-tab-title-2582\" tabindex=\"0\" hidden=\"hidden\"><p><span style=\"color: #8c8c8c; font-family: Poppins, sans-serif;\">E<\/span><span style=\"color: #8c8c8c; font-family: Poppins, sans-serif; font-style: inherit; font-weight: inherit; background-color: var(--ast-global-color-5);\">l aspirante a la carrera de Licenciado en Derecho deber\u00e1 contar con estudios completos de Bachillerato o equivalente y aprobar el examen de selecci\u00f3n, adem\u00e1s deber\u00e1 tener cultura general, y vocaci\u00f3n humanista, de servicio a la comunidad, al Estado y al pa\u00eds, y estar comprometido con los principios \u00e9ticos\u2013filos\u00f3ficos y con los valores propios del quehacer jur\u00eddico y empresarial.<\/span><\/p><\/div>\n\t\t\t\t\t\t\t\t\t<div class=\"elementor-tab-title elementor-tab-mobile-title\" aria-selected=\"false\" data-tab=\"3\" role=\"tab\" tabindex=\"-1\" aria-controls=\"elementor-tab-content-2583\" aria-expanded=\"false\">Perfil de Egreso<\/div>\n\t\t\t\t\t<div id=\"elementor-tab-content-2583\" class=\"elementor-tab-content elementor-clearfix\" data-tab=\"3\" role=\"tabpanel\" aria-labelledby=\"elementor-tab-title-2583\" tabindex=\"0\" hidden=\"hidden\"><p style=\"box-sizing: inherit; border-color: #e6e6e6; background-image: initial; background-position: initial; background-size: initial; background-repeat: initial; background-attachment: initial; background-origin: initial; background-clip: initial; margin-bottom: 20px; font-size: 16px; line-height: 1.7; color: #8c8c8c; font-family: Poppins, sans-serif; font-style: normal; font-weight: 400; text-align: center;\"><strong style=\"box-sizing: inherit; border: 0px #e6e6e6; outline: 0px; vertical-align: baseline; background: transparent; margin: 0px; padding: 0px;\">Conocimientos<\/strong><\/p><ul style=\"border-color: #e6e6e6; background-image: initial; background-position: initial; background-size: initial; background-repeat: initial; background-attachment: initial; background-origin: initial; background-clip: initial; margin-bottom: 20px; margin-left: 35px; color: #8c8c8c; font-family: Poppins, sans-serif; font-size: 16px; font-style: normal; font-weight: 400;\"><li style=\"box-sizing: inherit; border-color: #e6e6e6; background: transparent; font-weight: 400;\"><span style=\"box-sizing: inherit; border: 0px #e6e6e6; outline: 0px; vertical-align: baseline; background: transparent; margin: 0px; padding: 0px;\">Identificar los campos de conocimiento relacionados con los negocios internacionales para la planeaci\u00f3n y ejecuci\u00f3n de proyectos para el desarrollo social, de investigaci\u00f3n, consultor\u00eda, emprendimiento e innovaci\u00f3n<\/span><\/li><li style=\"box-sizing: inherit; border-color: #e6e6e6; background: transparent; font-weight: 400;\"><span style=\"box-sizing: inherit; border: 0px #e6e6e6; outline: 0px; vertical-align: baseline; background: transparent; margin: 0px; padding: 0px;\">Enunciar la importancia y fundamentos de la problem\u00e1tica ligada al derecho corporativo y los negocios internacionales en M\u00e9xico<\/span><\/li><\/ul><p style=\"box-sizing: inherit; border-color: #e6e6e6; background-image: initial; background-position: initial; background-size: initial; background-repeat: initial; background-attachment: initial; background-origin: initial; background-clip: initial; margin-bottom: 20px; font-size: 16px; line-height: 1.7; color: #8c8c8c; font-family: Poppins, sans-serif; font-style: normal; font-weight: 400; text-align: center;\"><strong style=\"box-sizing: inherit; border: 0px #e6e6e6; outline: 0px; vertical-align: baseline; background: transparent; margin: 0px; padding: 0px;\">Habilidades<\/strong><\/p><ul style=\"border-color: #e6e6e6; background-image: initial; background-position: initial; background-size: initial; background-repeat: initial; background-attachment: initial; background-origin: initial; background-clip: initial; margin-bottom: 20px; margin-left: 35px; color: #8c8c8c; font-family: Poppins, sans-serif; font-size: 16px; font-style: normal; font-weight: 400;\"><li style=\"box-sizing: inherit; border-color: #e6e6e6; background: transparent; font-weight: 400;\"><span style=\"box-sizing: inherit; border: 0px #e6e6e6; outline: 0px; vertical-align: baseline; background: transparent; margin: 0px; padding: 0px;\">Disposici\u00f3n de trabajo en equipos interdisciplinarios y en entornos multiculturales<\/span><\/li><li style=\"box-sizing: inherit; border-color: #e6e6e6; background: transparent; font-weight: 400;\"><span style=\"box-sizing: inherit; border: 0px #e6e6e6; outline: 0px; vertical-align: baseline; background: transparent; margin: 0px; padding: 0px;\">Establecer comunicaci\u00f3n efectiva con especialistas de otros campos del conocimiento, as\u00ed como con actores sociales y gubernamentales para emprender acciones de consultor\u00eda de negocios, desarrollo de negocios sociales y emprendimiento e innovaci\u00f3n en los negocios internacionales<\/span><\/li><li style=\"box-sizing: inherit; border-color: #e6e6e6; background: transparent; font-weight: 400;\"><span style=\"box-sizing: inherit; border: 0px #e6e6e6; outline: 0px; vertical-align: baseline; background: transparent; margin: 0px; padding: 0px;\">Selecci\u00f3n y aplicaci\u00f3n de t\u00e9cnicas y herramientas metodol\u00f3gicas novedosas, orientando su desarrollo profesional bajo las premisas de visi\u00f3n emprendedora, sustentabilidad, e\u0301tica y socialmente responsable<\/span><\/li><\/ul><p style=\"box-sizing: inherit; border-color: #e6e6e6; background-image: initial; background-position: initial; background-size: initial; background-repeat: initial; background-attachment: initial; background-origin: initial; background-clip: initial; margin-bottom: 20px; font-size: 16px; line-height: 1.7; color: #8c8c8c; font-family: Poppins, sans-serif; font-style: normal; font-weight: 400; text-align: center;\"><strong style=\"box-sizing: inherit; border: 0px #e6e6e6; outline: 0px; vertical-align: baseline; background: transparent; margin: 0px; padding: 0px;\">Competencias<\/strong><\/p><ul style=\"border-color: #e6e6e6; background-image: initial; background-position: initial; background-size: initial; background-repeat: initial; background-attachment: initial; background-origin: initial; background-clip: initial; margin-bottom: 20px; margin-left: 35px; color: #8c8c8c; font-family: Poppins, sans-serif; font-size: 16px; font-style: normal; font-weight: 400;\"><li style=\"box-sizing: inherit; border-color: #e6e6e6; background: transparent; font-weight: 400;\"><span style=\"box-sizing: inherit; border: 0px #e6e6e6; outline: 0px; vertical-align: baseline; background: transparent; margin: 0px; padding: 0px;\">Analizar y sintetizar el estado de conocimiento de su \u00e1rea de especialidad<\/span><\/li><li style=\"box-sizing: inherit; border-color: #e6e6e6; background: transparent; font-weight: 400;\"><span style=\"box-sizing: inherit; border: 0px #e6e6e6; outline: 0px; vertical-align: baseline; background: transparent; margin: 0px; padding: 0px;\">Formular proyectos de inversi\u00f3n innovadores y de impacto social y ambiental que optimicen las transacciones comerciales de manera competitiva y eficiente<\/span><\/li><li style=\"box-sizing: inherit; border-color: #e6e6e6; background: transparent; font-weight: 400;\"><span style=\"box-sizing: inherit; border: 0px #e6e6e6; outline: 0px; vertical-align: baseline; background: transparent; margin: 0px; padding: 0px;\">Eficientar los esquemas de comunicaci\u00f3n y negociaci\u00f3n efectiva en entornos multiculturales<\/span><\/li><li style=\"box-sizing: inherit; border-color: #e6e6e6; background: transparent; font-weight: 400;\"><span style=\"box-sizing: inherit; border: 0px #e6e6e6; outline: 0px; vertical-align: baseline; background: transparent; margin: 0px; padding: 0px;\">Difundir conocimientos, de manera oral y escrita, ante audiencias acad\u00e9micas y no acad\u00e9micas<\/span><\/li><\/ul><p style=\"box-sizing: inherit; border-color: #e6e6e6; background-image: initial; background-position: initial; background-size: initial; background-repeat: initial; background-attachment: initial; background-origin: initial; background-clip: initial; margin-bottom: 20px; font-size: 16px; line-height: 1.7; color: #8c8c8c; font-family: Poppins, sans-serif; font-style: normal; font-weight: 400;\">\u00a0<\/p><\/div>\n\t\t\t\t\t\t\t\t\t<div class=\"elementor-tab-title elementor-tab-mobile-title\" aria-selected=\"false\" data-tab=\"4\" role=\"tab\" tabindex=\"-1\" aria-controls=\"elementor-tab-content-2584\" aria-expanded=\"false\">Requisitos de Admisi\u00f3n<\/div>\n\t\t\t\t\t<div id=\"elementor-tab-content-2584\" class=\"elementor-tab-content elementor-clearfix\" data-tab=\"4\" role=\"tabpanel\" aria-labelledby=\"elementor-tab-title-2584\" tabindex=\"0\" hidden=\"hidden\"><ol style=\"border-color: #e6e6e6; background-image: initial; background-position: initial; background-size: initial; background-repeat: initial; background-attachment: initial; background-origin: initial; background-clip: initial; margin-bottom: 20px; margin-left: 35px; color: #8c8c8c; font-family: Poppins, sans-serif; font-size: 16px; font-style: normal; font-weight: 400;\"><li style=\"box-sizing: inherit; border-color: #e6e6e6; background: transparent; font-weight: 400;\"><span style=\"box-sizing: inherit; border: 0px #e6e6e6; outline: 0px; vertical-align: baseline; background: transparent; margin: 0px; padding: 0px;\">Certificado total de Secundaria Original y 1 Copia<\/span><\/li><li style=\"box-sizing: inherit; border-color: #e6e6e6; background: transparent; font-weight: 400;\"><span style=\"box-sizing: inherit; border: 0px #e6e6e6; outline: 0px; vertical-align: baseline; background: transparent; margin: 0px; padding: 0px;\">Certificado total de Bachillerato Original y 1 Copia<\/span><\/li><li style=\"box-sizing: inherit; border-color: #e6e6e6; background: transparent; font-weight: 400;\"><span style=\"box-sizing: inherit; border: 0px #e6e6e6; outline: 0px; vertical-align: baseline; background: transparent; margin: 0px; padding: 0px;\">Acta de nacimiento Original y 1 copia<\/span><\/li><li style=\"box-sizing: inherit; border-color: #e6e6e6; background: transparent; font-weight: 400;\"><span style=\"box-sizing: inherit; border: 0px #e6e6e6; outline: 0px; vertical-align: baseline; background: transparent; margin: 0px; padding: 0px;\">2 Copias CURP\u00a0<\/span><\/li><li style=\"box-sizing: inherit; border-color: #e6e6e6; background: transparent; font-weight: 400;\"><span style=\"box-sizing: inherit; border: 0px #e6e6e6; outline: 0px; vertical-align: baseline; background: transparent; margin: 0px; padding: 0px;\">2 Copias INE<\/span><\/li><li style=\"box-sizing: inherit; border-color: #e6e6e6; background: transparent; font-weight: 400;\"><span style=\"box-sizing: inherit; border: 0px #e6e6e6; outline: 0px; vertical-align: baseline; background: transparent; margin: 0px; padding: 0px;\">6 Fotograf\u00edas\u00a0 tama\u00f1o Infantil blanco y negro\u00a0<\/span><\/li><li style=\"box-sizing: inherit; border-color: #e6e6e6; background: transparent; font-weight: 400;\"><span style=\"box-sizing: inherit; border: 0px #e6e6e6; outline: 0px; vertical-align: baseline; background: transparent; margin: 0px; padding: 0px;\">Llenar solicitud de Admision IFIJUM<\/span><\/li><\/ol><\/div>\n\t\t\t\t\t\t\t\t\t<div class=\"elementor-tab-title elementor-tab-mobile-title\" aria-selected=\"false\" data-tab=\"5\" role=\"tab\" tabindex=\"-1\" aria-controls=\"elementor-tab-content-2585\" aria-expanded=\"false\">Programa<\/div>\n\t\t\t\t\t<div id=\"elementor-tab-content-2585\" class=\"elementor-tab-content elementor-clearfix\" data-tab=\"5\" role=\"tabpanel\" aria-labelledby=\"elementor-tab-title-2585\" tabindex=\"0\" hidden=\"hidden\"><p>[pdf-embedder url=\u00bbhttp:\/\/www.ifijum.edu.mx\/wp\/wp-content\/uploads\/2023\/10\/Informacion-Licenciatura-en-Derecho-Corporativo.pdf\u00bb title=\u00bbLicenciatura en Derecho Corporativo\u00bb]Derecho<\/p><\/div>\n\t\t\t\t\t\t\t<\/div>\n\t\t<\/div>\n\t\t\t\t<\/div>\n\t\t\t\t<\/div>\n\t\t\t\t\t<\/div>\n\t\t<\/div>\n\t\t\t\t\t\t\t<\/div>\n\t\t<\/section>\n\t\t\t\t<section class=\"elementor-section elementor-top-section elementor-element elementor-element-8a5a73b elementor-section-boxed elementor-section-height-default elementor-section-height-default\" data-id=\"8a5a73b\" data-element_type=\"section\">\n\t\t\t\t\t\t<div class=\"elementor-container elementor-column-gap-default\">\n\t\t\t\t\t<div class=\"elementor-column elementor-col-100 elementor-top-column elementor-element elementor-element-e486188\" data-id=\"e486188\" data-element_type=\"column\">\n\t\t\t<div class=\"elementor-widget-wrap elementor-element-populated\">\n\t\t\t\t\t\t\t\t<div class=\"elementor-element elementor-element-e77d561 elementor-widget elementor-widget-heading\" data-id=\"e77d561\" data-element_type=\"widget\" data-widget_type=\"heading.default\">\n\t\t\t\t<div class=\"elementor-widget-container\">\n\t\t\t<h2 class=\"elementor-heading-title elementor-size-xl\">Licenciatura en Derecho con Idiomas<\/h2>\t\t<\/div>\n\t\t\t\t<\/div>\n\t\t\t\t\t<\/div>\n\t\t<\/div>\n\t\t\t\t\t\t\t<\/div>\n\t\t<\/section>\n\t\t\t\t<section class=\"elementor-section elementor-top-section elementor-element elementor-element-2530b91 elementor-section-boxed elementor-section-height-default elementor-section-height-default\" data-id=\"2530b91\" data-element_type=\"section\">\n\t\t\t\t\t\t<div class=\"elementor-container elementor-column-gap-default\">\n\t\t\t\t\t<div class=\"elementor-column elementor-col-100 elementor-top-column elementor-element elementor-element-17f90d8\" data-id=\"17f90d8\" data-element_type=\"column\">\n\t\t\t<div class=\"elementor-widget-wrap elementor-element-populated\">\n\t\t\t\t\t\t\t\t<div class=\"elementor-element elementor-element-61f5f5c elementor-widget elementor-widget-text-editor\" data-id=\"61f5f5c\" data-element_type=\"widget\" data-widget_type=\"text-editor.default\">\n\t\t\t\t<div class=\"elementor-widget-container\">\n\t\t\t\t\t\t\t<b style=\"box-sizing: inherit; border: 0px #e6e6e6; outline: 0px; vertical-align: baseline; background-image: initial; background-position: initial; background-size: initial; background-repeat: initial; background-attachment: initial; background-origin: initial; background-clip: initial; margin: 0px; padding: 0px; color: #6b6b6b; font-family: Poppins, sans-serif;\">RVOE \u2013 LIC110821\u00a0 \u00a0 \u00a0 \u00a0 CCT: 16PSU0170H<\/b>\t\t\t\t\t\t<\/div>\n\t\t\t\t<\/div>\n\t\t\t\t\t<\/div>\n\t\t<\/div>\n\t\t\t\t\t\t\t<\/div>\n\t\t<\/section>\n\t\t\t\t<section class=\"elementor-section elementor-top-section elementor-element elementor-element-898f51a elementor-section-boxed elementor-section-height-default elementor-section-height-default\" data-id=\"898f51a\" data-element_type=\"section\">\n\t\t\t\t\t\t<div class=\"elementor-container elementor-column-gap-default\">\n\t\t\t\t\t<div class=\"elementor-column elementor-col-50 elementor-top-column elementor-element elementor-element-adae0b1\" data-id=\"adae0b1\" data-element_type=\"column\">\n\t\t\t<div class=\"elementor-widget-wrap elementor-element-populated\">\n\t\t\t\t\t\t\t\t<div class=\"elementor-element elementor-element-c85acd6 elementor-widget elementor-widget-image\" data-id=\"c85acd6\" data-element_type=\"widget\" data-widget_type=\"image.default\">\n\t\t\t\t<div class=\"elementor-widget-container\">\n\t\t\t\t\t\t\t\t\t\t\t\t\t\t\t<img loading=\"lazy\" decoding=\"async\" width=\"1024\" height=\"1024\" src=\"https:\/\/www.ifijum.edu.mx\/wp\/wp-content\/uploads\/2023\/10\/futuro-17-1024x1024.png\" class=\"attachment-large size-large wp-image-2074\" alt=\"\" srcset=\"https:\/\/www.ifijum.edu.mx\/wp\/wp-content\/uploads\/2023\/10\/futuro-17-1024x1024.png 1024w, https:\/\/www.ifijum.edu.mx\/wp\/wp-content\/uploads\/2023\/10\/futuro-17-300x300.png 300w, https:\/\/www.ifijum.edu.mx\/wp\/wp-content\/uploads\/2023\/10\/futuro-17-150x150.png 150w, https:\/\/www.ifijum.edu.mx\/wp\/wp-content\/uploads\/2023\/10\/futuro-17-768x768.png 768w, https:\/\/www.ifijum.edu.mx\/wp\/wp-content\/uploads\/2023\/10\/futuro-17.png 1080w\" sizes=\"auto, (max-width: 1024px) 100vw, 1024px\" \/>\t\t\t\t\t\t\t\t\t\t\t\t\t\t\t<\/div>\n\t\t\t\t<\/div>\n\t\t\t\t\t<\/div>\n\t\t<\/div>\n\t\t\t\t<div class=\"elementor-column elementor-col-50 elementor-top-column elementor-element elementor-element-b6dd2eb\" data-id=\"b6dd2eb\" data-element_type=\"column\">\n\t\t\t<div class=\"elementor-widget-wrap elementor-element-populated\">\n\t\t\t\t\t\t\t\t<div class=\"elementor-element elementor-element-fe95b7e elementor-tabs-view-horizontal elementor-widget elementor-widget-tabs\" data-id=\"fe95b7e\" data-element_type=\"widget\" data-widget_type=\"tabs.default\">\n\t\t\t\t<div class=\"elementor-widget-container\">\n\t\t\t\t\t<div class=\"elementor-tabs\">\n\t\t\t<div class=\"elementor-tabs-wrapper\" role=\"tablist\" >\n\t\t\t\t\t\t\t\t\t<div id=\"elementor-tab-title-2661\" class=\"elementor-tab-title elementor-tab-desktop-title\" aria-selected=\"true\" data-tab=\"1\" role=\"tab\" tabindex=\"0\" aria-controls=\"elementor-tab-content-2661\" aria-expanded=\"false\">Objetivo<\/div>\n\t\t\t\t\t\t\t\t\t<div id=\"elementor-tab-title-2662\" class=\"elementor-tab-title elementor-tab-desktop-title\" aria-selected=\"false\" data-tab=\"2\" role=\"tab\" tabindex=\"-1\" aria-controls=\"elementor-tab-content-2662\" aria-expanded=\"false\">Perfil de Ingreso<\/div>\n\t\t\t\t\t\t\t\t\t<div id=\"elementor-tab-title-2663\" class=\"elementor-tab-title elementor-tab-desktop-title\" aria-selected=\"false\" data-tab=\"3\" role=\"tab\" tabindex=\"-1\" aria-controls=\"elementor-tab-content-2663\" aria-expanded=\"false\">Perfil de Egreso<\/div>\n\t\t\t\t\t\t\t\t\t<div id=\"elementor-tab-title-2664\" class=\"elementor-tab-title elementor-tab-desktop-title\" aria-selected=\"false\" data-tab=\"4\" role=\"tab\" tabindex=\"-1\" aria-controls=\"elementor-tab-content-2664\" aria-expanded=\"false\">Requisitos de Admisi\u00f3n<\/div>\n\t\t\t\t\t\t\t\t\t<div id=\"elementor-tab-title-2665\" class=\"elementor-tab-title elementor-tab-desktop-title\" aria-selected=\"false\" data-tab=\"5\" role=\"tab\" tabindex=\"-1\" aria-controls=\"elementor-tab-content-2665\" aria-expanded=\"false\">Programa<\/div>\n\t\t\t\t\t\t\t<\/div>\n\t\t\t<div class=\"elementor-tabs-content-wrapper\" role=\"tablist\" aria-orientation=\"vertical\">\n\t\t\t\t\t\t\t\t\t<div class=\"elementor-tab-title elementor-tab-mobile-title\" aria-selected=\"true\" data-tab=\"1\" role=\"tab\" tabindex=\"0\" aria-controls=\"elementor-tab-content-2661\" aria-expanded=\"false\">Objetivo<\/div>\n\t\t\t\t\t<div id=\"elementor-tab-content-2661\" class=\"elementor-tab-content elementor-clearfix\" data-tab=\"1\" role=\"tabpanel\" aria-labelledby=\"elementor-tab-title-2661\" tabindex=\"0\" hidden=\"false\"><p><span style=\"color: #6b6b6b; font-family: Poppins, sans-serif; text-align: justify;\">Formar profesionistas altamente capacitados, con una s\u00f3lida formaci\u00f3n integral y human\u00edstica, con profundo compromiso social para patrocinar litigios particulares en la sociedad civil, y como asesor jur\u00eddico de empresas y organismos de toda clase, nacionales e internacionales. Adem\u00e1s estar\u00e1 capacitado para ingresar y ejercer en la funci\u00f3n p\u00fablica en cualquiera de los tres niveles de gobierno, particularmente en la impartici\u00f3n y procuraci\u00f3n de justicia, as\u00ed como para, la investigaci\u00f3n y la docencia. Competentes para dar respuestas innovadoras a los problemas jur\u00eddicos que demanda la realidad cambiante del entorno.<\/span><\/p><\/div>\n\t\t\t\t\t\t\t\t\t<div class=\"elementor-tab-title elementor-tab-mobile-title\" aria-selected=\"false\" data-tab=\"2\" role=\"tab\" tabindex=\"-1\" aria-controls=\"elementor-tab-content-2662\" aria-expanded=\"false\">Perfil de Ingreso<\/div>\n\t\t\t\t\t<div id=\"elementor-tab-content-2662\" class=\"elementor-tab-content elementor-clearfix\" data-tab=\"2\" role=\"tabpanel\" aria-labelledby=\"elementor-tab-title-2662\" tabindex=\"0\" hidden=\"hidden\"><p><span style=\"color: #8c8c8c; font-family: Poppins, sans-serif;\">El aspirante a la carrera de\u00a0<\/span><strong style=\"box-sizing: inherit; border: 0px #e6e6e6; outline: 0px; vertical-align: baseline; background-image: initial; background-position: initial; background-size: initial; background-repeat: initial; background-attachment: initial; background-origin: initial; background-clip: initial; margin: 0px; padding: 0px; color: #8c8c8c; font-family: Poppins, sans-serif;\">Licenciado en Derecho<\/strong><span style=\"color: #8c8c8c; font-family: Poppins, sans-serif;\">\u00a0deber\u00e1 contar con estudios completos de Bachillerato o equivalente y aprobar el examen de selecci\u00f3n, adem\u00e1s\u00a0 deber\u00e1 tener cultura general, y vocaci\u00f3n humanista, de servicio a la comunidad, al Estado y al pa\u00eds, y estar comprometido con los principios \u00e9ticos\u2013filos\u00f3ficos y con los valores propios del quehacer jur\u00eddico.<\/span><\/p><\/div>\n\t\t\t\t\t\t\t\t\t<div class=\"elementor-tab-title elementor-tab-mobile-title\" aria-selected=\"false\" data-tab=\"3\" role=\"tab\" tabindex=\"-1\" aria-controls=\"elementor-tab-content-2663\" aria-expanded=\"false\">Perfil de Egreso<\/div>\n\t\t\t\t\t<div id=\"elementor-tab-content-2663\" class=\"elementor-tab-content elementor-clearfix\" data-tab=\"3\" role=\"tabpanel\" aria-labelledby=\"elementor-tab-title-2663\" tabindex=\"0\" hidden=\"hidden\"><p>\u00a0<\/p><p style=\"box-sizing: inherit; border-color: #e6e6e6; background-image: initial; background-position: initial; background-size: initial; background-repeat: initial; background-attachment: initial; background-origin: initial; background-clip: initial; margin-bottom: 20px; font-size: 16px; line-height: 1.7; color: #8c8c8c; font-family: Poppins, sans-serif; font-style: normal; font-weight: 400; text-align: center;\"><strong style=\"box-sizing: inherit; border: 0px #e6e6e6; outline: 0px; vertical-align: baseline; background: transparent; margin: 0px; padding: 0px;\">Conocimientos<\/strong><\/p><ul style=\"border-color: #e6e6e6; background-image: initial; background-position: initial; background-size: initial; background-repeat: initial; background-attachment: initial; background-origin: initial; background-clip: initial; margin-bottom: 20px; margin-left: 35px; color: #8c8c8c; font-family: Poppins, sans-serif; font-size: 16px; font-style: normal; font-weight: 400;\"><li style=\"box-sizing: inherit; border-color: #e6e6e6; background: transparent; font-weight: 400;\"><span style=\"box-sizing: inherit; border: 0px #e6e6e6; outline: 0px; vertical-align: baseline; background: transparent; margin: 0px; padding: 0px;\">Para ejercer con idoneidad, eficiencia y eficacia, las distintas funciones de la profesi\u00f3n.<\/span><\/li><li style=\"box-sizing: inherit; border-color: #e6e6e6; background: transparent; font-weight: 400;\"><span style=\"box-sizing: inherit; border: 0px #e6e6e6; outline: 0px; vertical-align: baseline; background: transparent; margin: 0px; padding: 0px;\">Desempe\u00f1arse exitosamente en el campo de la asesor\u00eda jur\u00eddica.<\/span><\/li><li style=\"box-sizing: inherit; border-color: #e6e6e6; background: transparent; font-weight: 400;\"><span style=\"box-sizing: inherit; border: 0px #e6e6e6; outline: 0px; vertical-align: baseline; background: transparent; margin: 0px; padding: 0px;\">Ser capaz de sustanciar y redactar toda la documentaci\u00f3n correspondiente a la gesti\u00f3n de los negocios jur\u00eddicos en todos los campos, las relaciones mercantiles, civiles, penales, administrativas y laborales.<\/span><\/li><li style=\"box-sizing: inherit; border-color: #e6e6e6; background: transparent; font-weight: 400;\"><span style=\"box-sizing: inherit; border: 0px #e6e6e6; outline: 0px; vertical-align: baseline; background: transparent; margin: 0px; padding: 0px;\">Ser capaz no s\u00f3lo de aplicar el derecho positivo, sino de mejorarlo y adecuarlo a las nuevas situaciones y en funci\u00f3n de ello contribuir a la creaci\u00f3n del nuevo derecho, con absoluto dominio de los m\u00e9todos esenciales de investigaci\u00f3n social.<\/span><\/li><li style=\"box-sizing: inherit; border-color: #e6e6e6; background: transparent; font-weight: 400;\"><span style=\"box-sizing: inherit; border: 0px #e6e6e6; outline: 0px; vertical-align: baseline; background: transparent; margin: 0px; padding: 0px;\">Del entorno econ\u00f3mico, pol\u00edtico y social en el que act\u00fae y de la comprensi\u00f3n de la realidad internacional.<\/span><\/li><\/ul><p style=\"box-sizing: inherit; border-color: #e6e6e6; background-image: initial; background-position: initial; background-size: initial; background-repeat: initial; background-attachment: initial; background-origin: initial; background-clip: initial; margin-bottom: 20px; font-size: 16px; line-height: 1.7; color: #8c8c8c; font-family: Poppins, sans-serif; font-style: normal; font-weight: 400;\">\u00a0<\/p><p style=\"box-sizing: inherit; border-color: #e6e6e6; background-image: initial; background-position: initial; background-size: initial; background-repeat: initial; background-attachment: initial; background-origin: initial; background-clip: initial; margin-bottom: 20px; font-size: 16px; line-height: 1.7; color: #8c8c8c; font-family: Poppins, sans-serif; font-style: normal; font-weight: 400; text-align: center;\"><strong style=\"box-sizing: inherit; border: 0px #e6e6e6; outline: 0px; vertical-align: baseline; background: transparent; margin: 0px; padding: 0px;\">Habilidades<\/strong><\/p><ul style=\"border-color: #e6e6e6; background-image: initial; background-position: initial; background-size: initial; background-repeat: initial; background-attachment: initial; background-origin: initial; background-clip: initial; margin-bottom: 20px; margin-left: 35px; color: #8c8c8c; font-family: Poppins, sans-serif; font-size: 16px; font-style: normal; font-weight: 400;\"><li style=\"box-sizing: inherit; border-color: #e6e6e6; background: transparent; font-weight: 400;\"><span style=\"box-sizing: inherit; border: 0px #e6e6e6; outline: 0px; vertical-align: baseline; background: transparent; margin: 0px; padding: 0px;\">La investigaci\u00f3n, an\u00e1lisis e interpretaci\u00f3n del Derecho, con el fin de promover su cambio adecuado a su momento hist\u00f3rico y la resoluci\u00f3n de problemas a nivel estatal, nacional e internacional.\u00a0<\/span><\/li><li style=\"box-sizing: inherit; border-color: #e6e6e6; background: transparent; font-weight: 400;\"><span style=\"box-sizing: inherit; border: 0px #e6e6e6; outline: 0px; vertical-align: baseline; background: transparent; margin: 0px; padding: 0px;\">La docencia jur\u00eddica.<\/span><\/li><li style=\"box-sizing: inherit; border-color: #e6e6e6; background: transparent; font-weight: 400;\"><span style=\"box-sizing: inherit; border: 0px #e6e6e6; outline: 0px; vertical-align: baseline; background: transparent; margin: 0px; padding: 0px;\">La administraci\u00f3n de justicia.<\/span><\/li><li style=\"box-sizing: inherit; border-color: #e6e6e6; background: transparent; font-weight: 400;\"><span style=\"box-sizing: inherit; border: 0px #e6e6e6; outline: 0px; vertical-align: baseline; background: transparent; margin: 0px; padding: 0px;\">La procuraci\u00f3n de justicia.<\/span><\/li><li style=\"box-sizing: inherit; border-color: #e6e6e6; background: transparent; font-weight: 400;\"><span style=\"box-sizing: inherit; border: 0px #e6e6e6; outline: 0px; vertical-align: baseline; background: transparent; margin: 0px; padding: 0px;\">El servicio p\u00fablico.<\/span><\/li><li style=\"box-sizing: inherit; border-color: #e6e6e6; background: transparent; font-weight: 400;\"><span style=\"box-sizing: inherit; border: 0px #e6e6e6; outline: 0px; vertical-align: baseline; background: transparent; margin: 0px; padding: 0px;\">La judicatura.<\/span><\/li><li style=\"box-sizing: inherit; border-color: #e6e6e6; background: transparent; font-weight: 400;\"><span style=\"box-sizing: inherit; border: 0px #e6e6e6; outline: 0px; vertical-align: baseline; background: transparent; margin: 0px; padding: 0px;\">El desarrollo del sentido com\u00fan ante los problemas jur\u00eddicos.<\/span><\/li><\/ul><p style=\"box-sizing: inherit; border-color: #e6e6e6; background-image: initial; background-position: initial; background-size: initial; background-repeat: initial; background-attachment: initial; background-origin: initial; background-clip: initial; margin-bottom: 20px; font-size: 16px; line-height: 1.7; color: #8c8c8c; font-family: Poppins, sans-serif; font-style: normal; font-weight: 400;\">\u00a0<\/p><p style=\"box-sizing: inherit; border-color: #e6e6e6; background-image: initial; background-position: initial; background-size: initial; background-repeat: initial; background-attachment: initial; background-origin: initial; background-clip: initial; margin-bottom: 20px; font-size: 16px; line-height: 1.7; color: #8c8c8c; font-family: Poppins, sans-serif; font-style: normal; font-weight: 400; text-align: center;\"><strong style=\"box-sizing: inherit; border: 0px #e6e6e6; outline: 0px; vertical-align: baseline; background: transparent; margin: 0px; padding: 0px;\">Competencias<\/strong><\/p><ul style=\"border-color: #e6e6e6; background-image: initial; background-position: initial; background-size: initial; background-repeat: initial; background-attachment: initial; background-origin: initial; background-clip: initial; margin-bottom: 20px; margin-left: 35px; color: #8c8c8c; font-family: Poppins, sans-serif; font-size: 16px; font-style: normal; font-weight: 400;\"><li style=\"box-sizing: inherit; border-color: #e6e6e6; background: transparent;\"><span style=\"box-sizing: inherit; border: 0px #e6e6e6; outline: 0px; vertical-align: baseline; background: transparent; margin: 0px; padding: 0px;\">Ideales de dignidad, libertad, justicia, democracia, servicio y solidaridad social.<\/span><\/li><li style=\"box-sizing: inherit; border-color: #e6e6e6; background: transparent;\"><span style=\"box-sizing: inherit; border: 0px #e6e6e6; outline: 0px; vertical-align: baseline; background: transparent; margin: 0px; padding: 0px;\">Compromiso con el desarrollo econ\u00f3mico del pa\u00eds y nuestra identidad nacional.<\/span><\/li><li style=\"box-sizing: inherit; border-color: #e6e6e6; background: transparent;\"><span style=\"box-sizing: inherit; border: 0px #e6e6e6; outline: 0px; vertical-align: baseline; background: transparent; margin: 0px; padding: 0px;\">Inter\u00e9s en preservar la soberan\u00eda sobre los recursos del pa\u00eds y nuestra identidad nacional.<\/span><\/li><li style=\"box-sizing: inherit; border-color: #e6e6e6; background: transparent;\"><span style=\"box-sizing: inherit; border: 0px #e6e6e6; outline: 0px; vertical-align: baseline; background: transparent; margin: 0px; padding: 0px;\">Liderazgo en el ejercicio profesional.<\/span><\/li><li style=\"box-sizing: inherit; border-color: #e6e6e6; background: transparent;\"><span style=\"box-sizing: inherit; border: 0px #e6e6e6; outline: 0px; vertical-align: baseline; background: transparent; margin: 0px; padding: 0px;\">Respuesta adecuada a la problem\u00e1tica de la realidad cambiante del entorno social.<\/span><\/li><li style=\"box-sizing: inherit; border-color: #e6e6e6; background: transparent;\"><span style=\"box-sizing: inherit; border: 0px #e6e6e6; outline: 0px; vertical-align: baseline; background: transparent; margin: 0px; padding: 0px;\">Actuaci\u00f3n con \u00e9tica profesional en el ejercicio de la carrera.<\/span><\/li><li style=\"box-sizing: inherit; border-color: #e6e6e6; background: transparent;\"><span style=\"box-sizing: inherit; border: 0px #e6e6e6; outline: 0px; vertical-align: baseline; background: transparent; margin: 0px; padding: 0px;\">Apertura a los cambios y dinamismo del entorno social<\/span><\/li><\/ul><\/div>\n\t\t\t\t\t\t\t\t\t<div class=\"elementor-tab-title elementor-tab-mobile-title\" aria-selected=\"false\" data-tab=\"4\" role=\"tab\" tabindex=\"-1\" aria-controls=\"elementor-tab-content-2664\" aria-expanded=\"false\">Requisitos de Admisi\u00f3n<\/div>\n\t\t\t\t\t<div id=\"elementor-tab-content-2664\" class=\"elementor-tab-content elementor-clearfix\" data-tab=\"4\" role=\"tabpanel\" aria-labelledby=\"elementor-tab-title-2664\" tabindex=\"0\" hidden=\"hidden\"><ol style=\"border-color: #e6e6e6; background-image: initial; background-position: initial; background-size: initial; background-repeat: initial; background-attachment: initial; background-origin: initial; background-clip: initial; margin-bottom: 20px; margin-left: 35px; color: #8c8c8c; font-family: Poppins, sans-serif; font-size: 16px; font-style: normal; font-weight: 400;\"><li style=\"box-sizing: inherit; border-color: #e6e6e6; background: transparent; font-weight: 400;\"><span style=\"box-sizing: inherit; border: 0px #e6e6e6; outline: 0px; vertical-align: baseline; background: transparent; margin: 0px; padding: 0px;\">Certificado total de Secundaria Original y 1 Copia<\/span><\/li><li style=\"box-sizing: inherit; border-color: #e6e6e6; background: transparent; font-weight: 400;\"><span style=\"box-sizing: inherit; border: 0px #e6e6e6; outline: 0px; vertical-align: baseline; background: transparent; margin: 0px; padding: 0px;\">Certificado total de Bachillerato Original y 1 Copia<\/span><\/li><li style=\"box-sizing: inherit; border-color: #e6e6e6; background: transparent; font-weight: 400;\"><span style=\"box-sizing: inherit; border: 0px #e6e6e6; outline: 0px; vertical-align: baseline; background: transparent; margin: 0px; padding: 0px;\">Acta de nacimiento Original y 1 copia<\/span><\/li><li style=\"box-sizing: inherit; border-color: #e6e6e6; background: transparent; font-weight: 400;\"><span style=\"box-sizing: inherit; border: 0px #e6e6e6; outline: 0px; vertical-align: baseline; background: transparent; margin: 0px; padding: 0px;\">2 Copias CURP\u00a0<\/span><\/li><li style=\"box-sizing: inherit; border-color: #e6e6e6; background: transparent; font-weight: 400;\"><span style=\"box-sizing: inherit; border: 0px #e6e6e6; outline: 0px; vertical-align: baseline; background: transparent; margin: 0px; padding: 0px;\">2 Copias INE<\/span><\/li><li style=\"box-sizing: inherit; border-color: #e6e6e6; background: transparent; font-weight: 400;\"><span style=\"box-sizing: inherit; border: 0px #e6e6e6; outline: 0px; vertical-align: baseline; background: transparent; margin: 0px; padding: 0px;\">4 Fotograf\u00edas\u00a0 tama\u00f1o Infantil blanco y negro\u00a0<\/span><\/li><li style=\"box-sizing: inherit; border-color: #e6e6e6; background: transparent; font-weight: 400;\"><span style=\"box-sizing: inherit; border: 0px #e6e6e6; outline: 0px; vertical-align: baseline; background: transparent; margin: 0px; padding: 0px;\">Llenar solicitud de Admision IFIJUM<\/span><\/li><\/ol><\/div>\n\t\t\t\t\t\t\t\t\t<div class=\"elementor-tab-title elementor-tab-mobile-title\" aria-selected=\"false\" data-tab=\"5\" role=\"tab\" tabindex=\"-1\" aria-controls=\"elementor-tab-content-2665\" aria-expanded=\"false\">Programa<\/div>\n\t\t\t\t\t<div id=\"elementor-tab-content-2665\" class=\"elementor-tab-content elementor-clearfix\" data-tab=\"5\" role=\"tabpanel\" aria-labelledby=\"elementor-tab-title-2665\" tabindex=\"0\" hidden=\"hidden\"><p>[pdf-embedder url=\u00bbhttp:\/\/www.ifijum.edu.mx\/wp\/wp-content\/uploads\/2023\/10\/Informacion-Licenciatura-en-Derecho-con-Idiomas.pdf\u00bb title=\u00bbInformaci\u00f3n Licenciatura en Derecho con Idiomas\u00bb]Derecho Con Idiomas<\/p><\/div>\n\t\t\t\t\t\t\t<\/div>\n\t\t<\/div>\n\t\t\t\t<\/div>\n\t\t\t\t<\/div>\n\t\t\t\t\t<\/div>\n\t\t<\/div>\n\t\t\t\t\t\t\t<\/div>\n\t\t<\/section>\n\t\t\t\t<section class=\"elementor-section elementor-top-section elementor-element elementor-element-6fc5d7a elementor-section-boxed elementor-section-height-default elementor-section-height-default\" data-id=\"6fc5d7a\" data-element_type=\"section\">\n\t\t\t\t\t\t<div class=\"elementor-container elementor-column-gap-default\">\n\t\t\t\t\t<div class=\"elementor-column elementor-col-100 elementor-top-column elementor-element elementor-element-7c1f458\" data-id=\"7c1f458\" data-element_type=\"column\">\n\t\t\t<div class=\"elementor-widget-wrap elementor-element-populated\">\n\t\t\t\t\t\t\t\t<div class=\"elementor-element elementor-element-b549011 elementor-widget elementor-widget-heading\" data-id=\"b549011\" data-element_type=\"widget\" data-widget_type=\"heading.default\">\n\t\t\t\t<div class=\"elementor-widget-container\">\n\t\t\t<h2 class=\"elementor-heading-title elementor-size-xl\"><span style=\"color: var(--ast-global-color-2); font-size: 39px; background-color: var(--ast-global-color-5);\">Licenciatura en Derecho <\/span> (Modalidad Virtual)<\/h2>\t\t<\/div>\n\t\t\t\t<\/div>\n\t\t\t\t\t<\/div>\n\t\t<\/div>\n\t\t\t\t\t\t\t<\/div>\n\t\t<\/section>\n\t\t\t\t<section class=\"elementor-section elementor-top-section elementor-element elementor-element-78c4f95 elementor-section-boxed elementor-section-height-default elementor-section-height-default\" data-id=\"78c4f95\" data-element_type=\"section\">\n\t\t\t\t\t\t<div class=\"elementor-container elementor-column-gap-default\">\n\t\t\t\t\t<div class=\"elementor-column elementor-col-100 elementor-top-column elementor-element elementor-element-92c9434\" data-id=\"92c9434\" data-element_type=\"column\">\n\t\t\t<div class=\"elementor-widget-wrap elementor-element-populated\">\n\t\t\t\t\t\t\t\t<div class=\"elementor-element elementor-element-ecfb421 elementor-widget elementor-widget-text-editor\" data-id=\"ecfb421\" data-element_type=\"widget\" data-widget_type=\"text-editor.default\">\n\t\t\t\t<div class=\"elementor-widget-container\">\n\t\t\t\t\t\t\t<p><b style=\"box-sizing: inherit; border: 0px #e6e6e6; outline: 0px; vertical-align: baseline; background-image: initial; background-position: initial; background-size: initial; background-repeat: initial; background-attachment: initial; background-origin: initial; background-clip: initial; margin: 0px; padding: 0px; color: #6b6b6b; font-family: Poppins, sans-serif;\">RVOE \u2013\u00a0\u00a0LIC171245 \u00a0 \u00a0 \u00a0 \u00a0CCT: 16PSU0170H<\/b><\/p>\t\t\t\t\t\t<\/div>\n\t\t\t\t<\/div>\n\t\t\t\t\t<\/div>\n\t\t<\/div>\n\t\t\t\t\t\t\t<\/div>\n\t\t<\/section>\n\t\t\t\t<section class=\"elementor-section elementor-top-section elementor-element elementor-element-47a89d6 elementor-section-boxed elementor-section-height-default elementor-section-height-default\" data-id=\"47a89d6\" data-element_type=\"section\">\n\t\t\t\t\t\t<div class=\"elementor-container elementor-column-gap-default\">\n\t\t\t\t\t<div class=\"elementor-column elementor-col-50 elementor-top-column elementor-element elementor-element-fda5766\" data-id=\"fda5766\" data-element_type=\"column\">\n\t\t\t<div class=\"elementor-widget-wrap elementor-element-populated\">\n\t\t\t\t\t\t\t\t<div class=\"elementor-element elementor-element-864409e elementor-widget elementor-widget-image\" data-id=\"864409e\" data-element_type=\"widget\" data-widget_type=\"image.default\">\n\t\t\t\t<div class=\"elementor-widget-container\">\n\t\t\t\t\t\t\t\t\t\t\t\t\t\t\t<img loading=\"lazy\" decoding=\"async\" width=\"1024\" height=\"1024\" src=\"https:\/\/www.ifijum.edu.mx\/wp\/wp-content\/uploads\/2024\/08\/licenciatura-1024x1024-1.jpg\" class=\"attachment-large size-large wp-image-2298\" alt=\"\" srcset=\"https:\/\/www.ifijum.edu.mx\/wp\/wp-content\/uploads\/2024\/08\/licenciatura-1024x1024-1.jpg 1024w, https:\/\/www.ifijum.edu.mx\/wp\/wp-content\/uploads\/2024\/08\/licenciatura-1024x1024-1-300x300.jpg 300w, https:\/\/www.ifijum.edu.mx\/wp\/wp-content\/uploads\/2024\/08\/licenciatura-1024x1024-1-150x150.jpg 150w, https:\/\/www.ifijum.edu.mx\/wp\/wp-content\/uploads\/2024\/08\/licenciatura-1024x1024-1-768x768.jpg 768w\" sizes=\"auto, (max-width: 1024px) 100vw, 1024px\" \/>\t\t\t\t\t\t\t\t\t\t\t\t\t\t\t<\/div>\n\t\t\t\t<\/div>\n\t\t\t\t\t<\/div>\n\t\t<\/div>\n\t\t\t\t<div class=\"elementor-column elementor-col-50 elementor-top-column elementor-element elementor-element-7ec88a8\" data-id=\"7ec88a8\" data-element_type=\"column\">\n\t\t\t<div class=\"elementor-widget-wrap elementor-element-populated\">\n\t\t\t\t\t\t\t\t<div class=\"elementor-element elementor-element-a5a4e3e elementor-tabs-view-horizontal elementor-widget elementor-widget-tabs\" data-id=\"a5a4e3e\" data-element_type=\"widget\" data-widget_type=\"tabs.default\">\n\t\t\t\t<div class=\"elementor-widget-container\">\n\t\t\t\t\t<div class=\"elementor-tabs\">\n\t\t\t<div class=\"elementor-tabs-wrapper\" role=\"tablist\" >\n\t\t\t\t\t\t\t\t\t<div id=\"elementor-tab-title-1731\" class=\"elementor-tab-title elementor-tab-desktop-title\" aria-selected=\"true\" data-tab=\"1\" role=\"tab\" tabindex=\"0\" aria-controls=\"elementor-tab-content-1731\" aria-expanded=\"false\">Objetivo<\/div>\n\t\t\t\t\t\t\t\t\t<div id=\"elementor-tab-title-1732\" class=\"elementor-tab-title elementor-tab-desktop-title\" aria-selected=\"false\" data-tab=\"2\" role=\"tab\" tabindex=\"-1\" aria-controls=\"elementor-tab-content-1732\" aria-expanded=\"false\">Perfil de Ingreso<\/div>\n\t\t\t\t\t\t\t\t\t<div id=\"elementor-tab-title-1733\" class=\"elementor-tab-title elementor-tab-desktop-title\" aria-selected=\"false\" data-tab=\"3\" role=\"tab\" tabindex=\"-1\" aria-controls=\"elementor-tab-content-1733\" aria-expanded=\"false\">Perfil de Egreso<\/div>\n\t\t\t\t\t\t\t\t\t<div id=\"elementor-tab-title-1734\" class=\"elementor-tab-title elementor-tab-desktop-title\" aria-selected=\"false\" data-tab=\"4\" role=\"tab\" tabindex=\"-1\" aria-controls=\"elementor-tab-content-1734\" aria-expanded=\"false\">Requisitos de Admisi\u00f3n<\/div>\n\t\t\t\t\t\t\t<\/div>\n\t\t\t<div class=\"elementor-tabs-content-wrapper\" role=\"tablist\" aria-orientation=\"vertical\">\n\t\t\t\t\t\t\t\t\t<div class=\"elementor-tab-title elementor-tab-mobile-title\" aria-selected=\"true\" data-tab=\"1\" role=\"tab\" tabindex=\"0\" aria-controls=\"elementor-tab-content-1731\" aria-expanded=\"false\">Objetivo<\/div>\n\t\t\t\t\t<div id=\"elementor-tab-content-1731\" class=\"elementor-tab-content elementor-clearfix\" data-tab=\"1\" role=\"tabpanel\" aria-labelledby=\"elementor-tab-title-1731\" tabindex=\"0\" hidden=\"false\"><span style=\"color: #516171; font-family: Barlow, sans-serif; text-align: justify; text-justify: inter-word;\">Se pretende dar respuesta a las demandas educativas de quienes desean acceder a la educaci\u00f3n superior a trav\u00e9s de formas diferentes al sistema convencional (asistencia diaria al sal\u00f3n de clases).<\/span><br style=\"color: #516171; font-family: Barlow, sans-serif; text-align: justify;\" \/><br style=\"color: #516171; font-family: Barlow, sans-serif; text-align: justify;\" \/><span style=\"color: #516171; font-family: Barlow, sans-serif; text-align: justify;\">La metodolog\u00eda de estudio del sistema incluye diversos m\u00e9todos de ense\u00f1anza; se apoya preferentemente en asesor\u00edas a distancia, los materiales did\u00e1cticos son desarrollados especialmente para el logro de los objetivos de aprendizaje con programas y criterios de evaluaci\u00f3n que impulsan el estudio autogestivo e independiente; los alumnos cuentan tambi\u00e9n con la libertad de elegir su propio ritmo de avance.<\/span><br style=\"color: #516171; font-family: Barlow, sans-serif; text-align: justify;\" \/><br style=\"color: #516171; font-family: Barlow, sans-serif; text-align: justify;\" \/><span style=\"color: #516171; font-family: Barlow, sans-serif; text-align: justify;\">Los alumnos y egresados de esta modalidad tienen las mismas opciones de formaci\u00f3n y diversificaci\u00f3n profesional que cualquier otro alumno de la modalidad presencial, pueden efectuar una segunda carrera, realizar una maestr\u00eda, un doctorado, o participar en los programas de intercambio acad\u00e9mico con otras instituciones educativas. As\u00ed como obtener los beneficios de becas, acceso a actividades deportivas, servicios m\u00e9dicos y actividades culturales, entre otras.<\/span><br style=\"color: #516171; font-family: Barlow, sans-serif; text-align: justify;\" \/><br style=\"color: #516171; font-family: Barlow, sans-serif; text-align: justify;\" \/><span style=\"color: #516171; font-family: Barlow, sans-serif; text-align: justify;\">Por tanto, los objetivos generales del programa son formar profesionistas altamente capacitados, con una s\u00f3lida formaci\u00f3n integral y human\u00edstica, con profundo compromiso social para patrocinar litigios particulares en la sociedad civil, y como asesor jur\u00eddico de empresas y organismos de toda clase, nacionales e internacionales. Adem\u00e1s estar\u00e1 capacitado para ingresar y ejercer en la funci\u00f3n p\u00fablica en cualquiera de los tres niveles de gobierno, particularmente en la impartici\u00f3n y procuraci\u00f3n de justicia, as\u00ed como para la investigaci\u00f3n y la docencia. Competentes para dar respuestas innovadoras a los problemas jur\u00eddicos que demanda la realidad cambiante del entorno.<\/span><\/div>\n\t\t\t\t\t\t\t\t\t<div class=\"elementor-tab-title elementor-tab-mobile-title\" aria-selected=\"false\" data-tab=\"2\" role=\"tab\" tabindex=\"-1\" aria-controls=\"elementor-tab-content-1732\" aria-expanded=\"false\">Perfil de Ingreso<\/div>\n\t\t\t\t\t<div id=\"elementor-tab-content-1732\" class=\"elementor-tab-content elementor-clearfix\" data-tab=\"2\" role=\"tabpanel\" aria-labelledby=\"elementor-tab-title-1732\" tabindex=\"0\" hidden=\"hidden\"><p style=\"margin-bottom: 1rem; color: #516171; font-family: Barlow, sans-serif; font-size: 16px; font-style: normal; font-weight: 400;\" align=\"justify\">El aspirante a la carrera de Licenciado en Derecho, en la modalidad no escolarizada, deber\u00e1 contar con estudios completos de Bachillerato o equivalente, adem\u00e1s deber\u00e1 tener cultura general, y vocaci\u00f3n humanista, de servicio a la comunidad, al Estado y al pa\u00eds, y estar comprometido con los principios \u00e9ticos \u2013 filos\u00f3ficos y con los valores propios del quehacer jur\u00eddico.<\/p><p>Los aspirantes deber\u00e1n cubrir los siguientes requisitos:<\/p><ul style=\"padding-left: 2rem; margin-bottom: 1rem; color: #516171; font-family: Barlow, sans-serif; font-size: 16px; font-style: normal; font-weight: 400;\"><li>Haber cursado el nivel de Bachillerato o equivalente;<\/li><li>Ostentar dominio del lenguaje oral y escrito;<\/li><li>Manifestar aptitud y capacidad para relacionarse con los dem\u00e1s, as\u00ed como practicar la tolerancia en todos los campos;<\/li><li>Dominar el razonamiento cr\u00edtico, reflexivo y anal\u00edtico;<\/li><li>Poseer h\u00e1bitos de estudio y capacidad para la comprensi\u00f3n de textos en el \u00e1rea jur\u00eddica;<\/li><li>Demostrar habilidades de discusi\u00f3n, argumentaci\u00f3n y presentaci\u00f3n de los problemas sociales con base en una actitud cr\u00edtica y human\u00edstica;<\/li><li>Poseer capacidad y disposici\u00f3n para la investigaci\u00f3n;<\/li><li>Poseer una vocaci\u00f3n de servicio a la sociedad y un compromiso con los principios \u00e9ticos y filos\u00f3ficos que sustentan el quehacer jur\u00eddico.<\/li><\/ul><p>\u00a0<\/p><p><span style=\"color: #8c8c8c; font-family: Poppins, sans-serif;\">.<\/span><\/p><\/div>\n\t\t\t\t\t\t\t\t\t<div class=\"elementor-tab-title elementor-tab-mobile-title\" aria-selected=\"false\" data-tab=\"3\" role=\"tab\" tabindex=\"-1\" aria-controls=\"elementor-tab-content-1733\" aria-expanded=\"false\">Perfil de Egreso<\/div>\n\t\t\t\t\t<div id=\"elementor-tab-content-1733\" class=\"elementor-tab-content elementor-clearfix\" data-tab=\"3\" role=\"tabpanel\" aria-labelledby=\"elementor-tab-title-1733\" tabindex=\"0\" hidden=\"hidden\"><p style=\"margin-bottom: 1rem; color: #516171; font-family: Barlow, sans-serif; font-size: 16px; font-style: normal; font-weight: 400;\" align=\"justify\">El egresado de la Licenciatura en Derecho, en la modalidad no escolarizada, ser\u00e1 un ente capaz, cr\u00edtico, anal\u00edtico, cient\u00edfico y sistem\u00e1ticamente activo, a fin de conseguir cambiar su entorno social, jur\u00eddico, econ\u00f3mico y cultural, buscando siempre el inter\u00e9s colectivo y social.<br \/><br \/>Tendr\u00e1 los conocimientos, habilidades y actitudes siguientes:<br \/><br \/><\/p><ol style=\"padding-left: 2rem; margin-bottom: 1rem; color: #516171; font-family: Barlow, sans-serif; font-size: 16px; font-style: normal; font-weight: 400;\"><li style=\"list-style-type: none;\"><ol style=\"padding-left: 2rem; margin-bottom: 1rem; color: #516171; font-family: Barlow, sans-serif; font-size: 16px; font-style: normal; font-weight: 400;\"><li>Conocimientos:<ul style=\"padding-left: 2rem; margin-bottom: 0px;\"><li>Para ejercer con idoneidad, eficiencia y eficacia, las distintas funciones de la profesi\u00f3n.<\/li><li>Desempe\u00f1arse exitosamente en el campo de la asesor\u00eda jur\u00eddica.<\/li><li>Ser capaz de sustanciar y redactar toda la documentaci\u00f3n correspondiente a la gesti\u00f3n de los negocios jur\u00eddicos en todos los campos, las relaciones mercantiles, civiles, penales, administrativas y laborales.<\/li><li>Ser capaz no s\u00f3lo de aplicar el derecho positivo, sino de mejorarlo y adecuarlo a las nuevas situaciones y en funci\u00f3n de ello contribuir a la creaci\u00f3n del nuevo derecho, con absoluto dominio de los m\u00e9todos esenciales de investigaci\u00f3n social.<\/li><li>De epistemolog\u00eda jur\u00eddica, sistem\u00e1tica jur\u00eddica y t\u00e9cnica jur\u00eddica.<\/li><li>Del entorno econ\u00f3mico, pol\u00edtico y social en el que act\u00fae.<\/li><li>Las nuevas tendencias del derecho.<\/li><li>Conciencia clara de las necesidades de su Estado y su pa\u00eds.<\/li><li>Propiciar actitudes y habilidades para la investigaci\u00f3n.<\/li><li>Desarrollo de su capacidad cr\u00edtica; reflexionen sobre las condiciones formales y las circunstancias reales que legitiman el derecho positivo; y analicen soluciones coherentes y maduras que la nueva l\u00f3gica social y los in\u00e9ditos espacios jur\u00eddicos reclaman.<\/li><li>Ante la inevitable globalizaci\u00f3n del mercado y generalizaci\u00f3n de la corrupci\u00f3n, reafirmamos la actualidad y la ense\u00f1anza de los valores \u00e9ticos e ideales jur\u00eddicos, mediante los cuales los principios del derecho adquieren sentido y fortaleza.<\/li><li>La libertad, la igualdad social y la justicia constituyen los fundamentos irreductibles y los presupuestos conceptuales de toda disciplina jur\u00eddica.<\/li><li>El abordar las diversas tradiciones pol\u00edticas cl\u00e1sicas y distintas concepciones jur\u00eddicas contempor\u00e1neas nos permite acrecentar y fortalecer nuestro conocimiento sobre la realidad de nuestras b\u00fasquedas e indagaciones.<\/li><li>La investigaci\u00f3n jur\u00eddica es actualizaci\u00f3n te\u00f3rica y conceptual de nuestros problemas sociales y jur\u00eddicos, que exigen un enfoque cr\u00edtico de nuestra sociedad y una valoraci\u00f3n \u00e9tica de nuestras respuestas y aportaciones.<\/li><\/ul><\/li><\/ol><\/li><\/ol><p><br \/><br \/><\/p><ol style=\"padding-left: 2rem; margin-bottom: 1rem; color: #516171; font-family: Barlow, sans-serif; font-size: 16px; font-style: normal; font-weight: 400;\"><li style=\"list-style-type: none;\"><ol style=\"padding-left: 2rem; margin-bottom: 1rem; color: #516171; font-family: Barlow, sans-serif; font-size: 16px; font-style: normal; font-weight: 400;\"><li>Habilidades para:<\/li><\/ol><\/li><\/ol><p><br \/><br \/><\/p><ol style=\"padding-left: 2rem; margin-bottom: 1rem; color: #516171; font-family: Barlow, sans-serif; font-size: 16px; font-style: normal; font-weight: 400;\"><li style=\"list-style-type: none;\"><ol style=\"padding-left: 2rem; margin-bottom: 1rem; color: #516171; font-family: Barlow, sans-serif; font-size: 16px; font-style: normal; font-weight: 400;\"><li style=\"list-style-type: none;\"><ul style=\"padding-left: 2rem; margin-bottom: 0px;\"><li>Ejercer con idoneidad, eficiencia y eficacia, las distintas funciones de la profesi\u00f3n.<\/li><li>La investigaci\u00f3n, an\u00e1lisis e interpretaci\u00f3n del Derecho, con el fin de promover su cambio adecuado a su momento hist\u00f3rico y la resoluci\u00f3n de problemas a nivel estatal, nacional e internacional.<\/li><li>La docencia jur\u00eddica.<\/li><li>La investigaci\u00f3n cient\u00edfica.<\/li><li>La administraci\u00f3n de justicia.<\/li><li>La procuraci\u00f3n de justicia.<\/li><li>El servicio p\u00fablico.<\/li><li>La judicatura.<\/li><li>El desarrollo del sentido com\u00fan ante los problemas jur\u00eddicos.<\/li><li>La reflexi\u00f3n y autogesti\u00f3n, as\u00ed como para la toma de decisiones.<\/li><li>Compromiso con el desarrollo econ\u00f3mico de su regi\u00f3n y su pa\u00eds.<\/li><\/ul><\/li><\/ol><\/li><\/ol><p><br \/><br \/><\/p><ol style=\"padding-left: 2rem; margin-bottom: 1rem; color: #516171; font-family: Barlow, sans-serif; font-size: 16px; font-style: normal; font-weight: 400;\"><li style=\"list-style-type: none;\"><ol style=\"padding-left: 2rem; margin-bottom: 1rem; color: #516171; font-family: Barlow, sans-serif; font-size: 16px; font-style: normal; font-weight: 400;\"><li>La investigaci\u00f3n, an\u00e1lisis e interpretaci\u00f3n del Derecho, con el fin de promover su cambio adecuado a su momento hist\u00f3rico y la resoluci\u00f3n de problemas a nivel estatal, nacional e internacional.<\/li><\/ol><\/li><\/ol><p><br \/><br \/><\/p><ol style=\"padding-left: 2rem; margin-bottom: 1rem; color: #516171; font-family: Barlow, sans-serif; font-size: 16px; font-style: normal; font-weight: 400;\"><li style=\"list-style-type: none;\"><ul style=\"padding-left: 2rem; margin-bottom: 0px;\"><li>La docencia jur\u00eddica.<\/li><li>La investigaci\u00f3n cient\u00edfica.<\/li><li>La administraci\u00f3n de justicia.<\/li><li>La procuraci\u00f3n de justicia.<\/li><li>El servicio p\u00fablico.<\/li><li>La judicatura.<\/li><li>El desarrollo del sentido com\u00fan ante los problemas jur\u00eddicos.<\/li><li>La reflexi\u00f3n y autogesti\u00f3n, as\u00ed como para la toma de decisiones.<\/li><li>Compromiso con el desarrollo econ\u00f3mico de su regi\u00f3n y su pa\u00eds.<\/li><\/ul><\/li><\/ol><\/div>\n\t\t\t\t\t\t\t\t\t<div class=\"elementor-tab-title elementor-tab-mobile-title\" aria-selected=\"false\" data-tab=\"4\" role=\"tab\" tabindex=\"-1\" aria-controls=\"elementor-tab-content-1734\" aria-expanded=\"false\">Requisitos de Admisi\u00f3n<\/div>\n\t\t\t\t\t<div id=\"elementor-tab-content-1734\" class=\"elementor-tab-content elementor-clearfix\" data-tab=\"4\" role=\"tabpanel\" aria-labelledby=\"elementor-tab-title-1734\" tabindex=\"0\" hidden=\"hidden\"><ol style=\"border-color: #e6e6e6; background-image: initial; background-position: initial; background-size: initial; background-repeat: initial; background-attachment: initial; background-origin: initial; background-clip: initial; margin-bottom: 20px; margin-left: 35px; color: #8c8c8c; font-family: Poppins, sans-serif; font-size: 16px; font-style: normal; font-weight: 400;\">\n<li style=\"font-size: 16px;\">Inscribirse en la pagina<\/li>\n<li style=\"font-size: 16px;\">Certificado total de Bachillerato.<\/li>\n<li style=\"font-size: 16px;\">Certificado de Secundaria.<\/li>\n<li style=\"font-size: 16px;\">Acta de nacimiento original.<\/li>\n<li style=\"font-size: 16px;\">CURP (copia).<\/li>\n<li style=\"font-size: 16px;\">4 fotograf\u00edas tama\u00f1o infantil en blanco y negro<\/li>\n<li style=\"font-size: 16px;\">Cumplir a cabalidad y en los tiempos establecidos con el procedimiento de ingreso y entregar la documentaci\u00f3n completa en los plazos fijados.<\/li>\n<\/ol><\/div>\n\t\t\t\t\t\t\t<\/div>\n\t\t<\/div>\n\t\t\t\t<\/div>\n\t\t\t\t<\/div>\n\t\t\t\t\t<\/div>\n\t\t<\/div>\n\t\t\t\t\t\t\t<\/div>\n\t\t<\/section>\n\t\t\t\t\t\t\t<\/div>\n\t\t","protected":false},"excerpt":{"rendered":"<p>Licenciatura en Derecho Corporativo y Negocios Internacionales RVOE \u2013\u00a0 \u00a0LIC161276\u00a0 \u00a0 \u00a0 CCT: 16PSU0170H Objetivo Perfil de Ingreso Perfil de Egreso Requisitos de Admisi\u00f3n Programa Objetivo Formar profesionales con los conocimientos, habilidades y competencias que les permitan dise\u00f1ar, establecer y mejorar esquemas de comunicacio\u0301n, interaccio\u0301n y negociacio\u0301n efectiva en entornos multiculturales; capacitado para formular y &hellip;<\/p>\n<p class=\"read-more\"> <a class=\"\" href=\"https:\/\/www.ifijum.edu.mx\/wp\/?page_id=1361\"> <span class=\"screen-reader-text\">Licenciaturas<\/span> Leer m\u00e1s &raquo;<\/a><\/p>\n","protected":false},"author":1,"featured_media":0,"parent":0,"menu_order":0,"comment_status":"closed","ping_status":"closed","template":"","meta":{"site-sidebar-layout":"no-sidebar","site-content-layout":"page-builder","ast-global-header-display":"","ast-banner-title-visibility":"","ast-main-header-display":"","ast-hfb-above-header-display":"","ast-hfb-below-header-display":"","ast-hfb-mobile-header-display":"","site-post-title":"disabled","ast-breadcrumbs-content":"","ast-featured-img":"disabled","footer-sml-layout":"","theme-transparent-header-meta":"","adv-header-id-meta":"","stick-header-meta":"","header-above-stick-meta":"","header-main-stick-meta":"","header-below-stick-meta":"","footnotes":""},"class_list":["post-1361","page","type-page","status-publish","hentry"],"_links":{"self":[{"href":"https:\/\/www.ifijum.edu.mx\/wp\/index.php?rest_route=\/wp\/v2\/pages\/1361","targetHints":{"allow":["GET"]}}],"collection":[{"href":"https:\/\/www.ifijum.edu.mx\/wp\/index.php?rest_route=\/wp\/v2\/pages"}],"about":[{"href":"https:\/\/www.ifijum.edu.mx\/wp\/index.php?rest_route=\/wp\/v2\/types\/page"}],"author":[{"embeddable":true,"href":"https:\/\/www.ifijum.edu.mx\/wp\/index.php?rest_route=\/wp\/v2\/users\/1"}],"replies":[{"embeddable":true,"href":"https:\/\/www.ifijum.edu.mx\/wp\/index.php?rest_route=%2Fwp%2Fv2%2Fcomments&post=1361"}],"version-history":[{"count":91,"href":"https:\/\/www.ifijum.edu.mx\/wp\/index.php?rest_route=\/wp\/v2\/pages\/1361\/revisions"}],"predecessor-version":[{"id":2301,"href":"https:\/\/www.ifijum.edu.mx\/wp\/index.php?rest_route=\/wp\/v2\/pages\/1361\/revisions\/2301"}],"wp:attachment":[{"href":"https:\/\/www.ifijum.edu.mx\/wp\/index.php?rest_route=%2Fwp%2Fv2%2Fmedia&parent=1361"}],"curies":[{"name":"wp","href":"https:\/\/api.w.org\/{rel}","templated":true}]}}